{"id":2709,"date":"2023-01-19T17:00:40","date_gmt":"2023-01-19T16:00:40","guid":{"rendered":"https:\/\/claudefrochaux.com\/?page_id=2709"},"modified":"2023-03-08T11:55:42","modified_gmt":"2023-03-08T10:55:42","slug":"monte-piano-trio","status":"publish","type":"page","link":"https:\/\/claudefrochaux.com\/?page_id=2709","title":{"rendered":"monte piano trio"},"content":{"rendered":"\t\t<div data-elementor-type=\"wp-page\" data-elementor-id=\"2709\" class=\"elementor elementor-2709\">\n\t\t\t\t\t\t\t\t\t<section class=\"elementor-section elementor-top-section elementor-element elementor-element-865d90a pb-xsmall container-fluid bg-light-1 pt-small elementor-section-boxed elementor-section-height-default elementor-section-height-default\" data-id=\"865d90a\" data-element_type=\"section\">\n\t\t\t\t\t\t<div class=\"elementor-container elementor-column-gap-no\">\n\t\t\t\t\t<div class=\"elementor-column elementor-col-33 elementor-top-column elementor-element elementor-element-2b19c4f\" data-id=\"2b19c4f\" data-element_type=\"column\">\n\t\t\t<div class=\"elementor-widget-wrap elementor-element-populated\">\n\t\t\t\t\t\t\t\t<section class=\"elementor-section elementor-inner-section elementor-element elementor-element-ce7df33 elementor-section-full_width elementor-section-height-default elementor-section-height-default\" data-id=\"ce7df33\" data-element_type=\"section\">\n\t\t\t\t\t\t<div class=\"elementor-container elementor-column-gap-no\">\n\t\t\t\t\t<div class=\"elementor-column elementor-col-100 elementor-inner-column elementor-element elementor-element-1f5121b\" data-id=\"1f5121b\" data-element_type=\"column\">\n\t\t\t<div class=\"elementor-widget-wrap elementor-element-populated\">\n\t\t\t\t\t\t\t\t<div class=\"elementor-element elementor-element-5a0f24b elementor-widget elementor-widget-rhye-widget-parallax-background\" data-id=\"5a0f24b\" data-element_type=\"widget\" data-widget_type=\"rhye-widget-parallax-background.default\">\n\t\t\t\t<div class=\"elementor-widget-container\">\n\t\t\t\n\t\t\t\t\t\t\t\t\t\t\t\t\t\t<div class=\"section section-image section text-center\" data-arts-parallax=true data-arts-parallax-factor=0.1 data-arts-os-animation=true>\n\t\t\t\t\t\t\t\t\t\t\t\t\t\t<div class=\"section-image__wrapper overflow mask-reveal lazy\"  style=\"padding-bottom: calc( (1541 \/ 2560) * 100% ); height: 0;\">\n\t\t\t\t\t\t\t\t\t\t\t\t\t<div class=\"mask-reveal__layer mask-reveal__layer-1\">\n\t\t\t\t\t\t<div class=\"mask-reveal__layer mask-reveal__layer-2\">\n\t\t\t\t\t\t\t\t\t\t\t\t\t\t\t\t\t\t<img loading=\"lazy\" decoding=\"async\" class=\"\" src=\"data:image\/png;base64,iVBORw0KGgoAAAANSUhEUgAAAAEAAAABCAQAAAHCGzyUAAAABGdBTUEAALGPC\/xhBQAAADhlWElmTU0AKgAAAAgAAYdpAAQAAAABAAAAGgAAAAAAAqACAAQAAAABAAAAAaADAAQAAAABAAAAAQAAAADa6r\/EAAAAC0lEQVQI12NolQQAASYAn89qhTcAAAAASUVORK5CYII=\" data-src=\"https:\/\/claudefrochaux.com\/wp-content\/uploads\/2023\/02\/Trio1-by-Malte-Ruths-scaled.jpg\" width=\"2560\" height=\"1541\"   data-sizes=\"(max-width: 2560px) 100vw, 2560px\"  alt=\"\"\/>\n\t\t\t\t\t\t\t\t\t\t\t\t\t\t\t\t\t\t\t\t\t\t\t\t\t\t\t<\/div>\n\t\t\t\t\t<\/div>\n\t\t\t\t\t\t\t\t<\/div>\n\t\t\t\t\t\t\t\t\t\t\t\t\t\t<\/div>\n\t\t\t\t\t\t\t\t\t\n\t\t\t\t<\/div>\n\t\t\t\t<\/div>\n\t\t\t\t<div class=\"elementor-element elementor-element-22116e4 elementor-widget__width-initial elementor-absolute elementor-widget-tablet__width-initial elementor-widget-mobile__width-initial elementor-widget elementor-widget-rhye-widget-parallax-background\" data-id=\"22116e4\" data-element_type=\"widget\" data-settings=\"{&quot;_position&quot;:&quot;absolute&quot;}\" data-widget_type=\"rhye-widget-parallax-background.default\">\n\t\t\t\t<div class=\"elementor-widget-container\">\n\t\t\t\n\t\t\t\t\t\t\t\t\t\t\t\t\t\t<div class=\"section section-image section text-center\" data-arts-parallax=true data-arts-parallax-factor=-0.1 data-arts-os-animation=true>\n\t\t\t\t\t\t\t\t\t\t\t\t\t\t<div class=\"section-image__wrapper overflow mask-reveal lazy\"  style=\"padding-bottom: calc( (1707 \/ 2560) * 100% ); height: 0;\">\n\t\t\t\t\t\t\t\t\t\t\t\t\t<div class=\"mask-reveal__layer mask-reveal__layer-1\">\n\t\t\t\t\t\t<div class=\"mask-reveal__layer mask-reveal__layer-2\">\n\t\t\t\t\t\t\t\t\t\t\t\t\t\t\t\t\t\t<img loading=\"lazy\" decoding=\"async\" class=\"\" src=\"data:image\/png;base64,iVBORw0KGgoAAAANSUhEUgAAAAEAAAABCAQAAAHCGzyUAAAABGdBTUEAALGPC\/xhBQAAADhlWElmTU0AKgAAAAgAAYdpAAQAAAABAAAAGgAAAAAAAqACAAQAAAABAAAAAaADAAQAAAABAAAAAQAAAADa6r\/EAAAAC0lEQVQI12NolQQAASYAn89qhTcAAAAASUVORK5CYII=\" data-src=\"https:\/\/claudefrochaux.com\/wp-content\/uploads\/2022\/09\/Trio_Aug-15_3b-scaled.jpg\" width=\"2560\" height=\"1707\"   data-sizes=\"(max-width: 2560px) 100vw, 2560px\"  alt=\"\"\/>\n\t\t\t\t\t\t\t\t\t\t\t\t\t\t\t\t\t\t\t\t\t\t\t\t\t\t\t<\/div>\n\t\t\t\t\t<\/div>\n\t\t\t\t\t\t\t\t<\/div>\n\t\t\t\t\t\t\t\t\t\t\t\t\t\t<\/div>\n\t\t\t\t\t\t\t\t\t\n\t\t\t\t<\/div>\n\t\t\t\t<\/div>\n\t\t\t\t\t<\/div>\n\t\t<\/div>\n\t\t\t\t\t\t\t<\/div>\n\t\t<\/section>\n\t\t\t\t\t<\/div>\n\t\t<\/div>\n\t\t\t\t<div class=\"elementor-column elementor-col-33 elementor-top-column elementor-element elementor-element-29855b0\" data-id=\"29855b0\" data-element_type=\"column\">\n\t\t\t<div class=\"elementor-widget-wrap\">\n\t\t\t\t\t\t\t\t\t<\/div>\n\t\t<\/div>\n\t\t\t\t<div class=\"elementor-column elementor-col-33 elementor-top-column elementor-element elementor-element-45bc431\" data-id=\"45bc431\" data-element_type=\"column\">\n\t\t\t<div class=\"elementor-widget-wrap elementor-element-populated\">\n\t\t\t\t\t\t\t\t<section class=\"elementor-section elementor-inner-section elementor-element elementor-element-a6589d1 elementor-section-full_width elementor-section-height-default elementor-section-height-default\" data-id=\"a6589d1\" data-element_type=\"section\">\n\t\t\t\t\t\t<div class=\"elementor-container elementor-column-gap-no\">\n\t\t\t\t\t<div class=\"elementor-column elementor-col-100 elementor-inner-column elementor-element elementor-element-b8649bd\" data-id=\"b8649bd\" data-element_type=\"column\">\n\t\t\t<div class=\"elementor-widget-wrap\">\n\t\t\t\t\t\t\t\t\t<\/div>\n\t\t<\/div>\n\t\t\t\t\t\t\t<\/div>\n\t\t<\/section>\n\t\t\t\t\t<\/div>\n\t\t<\/div>\n\t\t\t\t\t\t\t<\/div>\n\t\t<\/section>\n\t\t\t\t<section class=\"elementor-section elementor-top-section elementor-element elementor-element-e0b99df pb-xsmall container-fluid bg-light-1 elementor-section-boxed elementor-section-height-default elementor-section-height-default\" data-id=\"e0b99df\" data-element_type=\"section\">\n\t\t\t\t\t\t<div class=\"elementor-container elementor-column-gap-no\">\n\t\t\t\t\t<div class=\"elementor-column elementor-col-100 elementor-top-column elementor-element elementor-element-9db6e8c\" data-id=\"9db6e8c\" data-element_type=\"column\">\n\t\t\t<div class=\"elementor-widget-wrap elementor-element-populated\">\n\t\t\t\t\t\t\t\t<section class=\"elementor-section elementor-inner-section elementor-element elementor-element-3c64bc8 elementor-section-full_width elementor-section-height-default elementor-section-height-default\" data-id=\"3c64bc8\" data-element_type=\"section\">\n\t\t\t\t\t\t<div class=\"elementor-container elementor-column-gap-no\">\n\t\t\t\t\t<div class=\"elementor-column elementor-col-100 elementor-inner-column elementor-element elementor-element-0a1d735\" data-id=\"0a1d735\" data-element_type=\"column\">\n\t\t\t<div class=\"elementor-widget-wrap elementor-element-populated\">\n\t\t\t\t\t\t\t\t<div class=\"elementor-element elementor-element-79f9724 elementor-widget elementor-widget-heading\" data-id=\"79f9724\" data-element_type=\"widget\" data-widget_type=\"heading.default\">\n\t\t\t\t<div class=\"elementor-widget-container\">\n\t\t\t<h2 class=\"elementor-heading-title elementor-size-default\">monte piano trio<\/h2>\t\t<\/div>\n\t\t\t\t<\/div>\n\t\t\t\t<div class=\"elementor-element elementor-element-c9f2f18 elementor-tabs-view-horizontal elementor-widget elementor-widget-tabs\" data-id=\"c9f2f18\" data-element_type=\"widget\" data-widget_type=\"tabs.default\">\n\t\t\t\t<div class=\"elementor-widget-container\">\n\t\t\t\t\t<div class=\"elementor-tabs\">\n\t\t\t<div class=\"elementor-tabs-wrapper\" role=\"tablist\" >\n\t\t\t\t\t\t\t\t\t<div id=\"elementor-tab-title-2111\" class=\"elementor-tab-title elementor-tab-desktop-title\" aria-selected=\"true\" data-tab=\"1\" role=\"tab\" tabindex=\"0\" aria-controls=\"elementor-tab-content-2111\" aria-expanded=\"false\">ENG<\/div>\n\t\t\t\t\t\t\t\t\t<div id=\"elementor-tab-title-2112\" class=\"elementor-tab-title elementor-tab-desktop-title\" aria-selected=\"false\" data-tab=\"2\" role=\"tab\" tabindex=\"-1\" aria-controls=\"elementor-tab-content-2112\" aria-expanded=\"false\">DEU<\/div>\n\t\t\t\t\t\t\t<\/div>\n\t\t\t<div class=\"elementor-tabs-content-wrapper\" role=\"tablist\" aria-orientation=\"vertical\">\n\t\t\t\t\t\t\t\t\t<div class=\"elementor-tab-title elementor-tab-mobile-title\" aria-selected=\"true\" data-tab=\"1\" role=\"tab\" tabindex=\"0\" aria-controls=\"elementor-tab-content-2111\" aria-expanded=\"false\">ENG<\/div>\n\t\t\t\t\t<div id=\"elementor-tab-content-2111\" class=\"elementor-tab-content elementor-clearfix\" data-tab=\"1\" role=\"tabpanel\" aria-labelledby=\"elementor-tab-title-2111\" tabindex=\"0\" hidden=\"false\"><p>In 2009 Claude Frochaux founded the Monte Piano Trio together with pianist Anca Lupu and violinist Ana Feitosa. Later, Francesco Sica and Irina Botan became members of the trio. Within a short time, the trio could celebrate already several competition successes and enjoy an international concert agenda in major concert halls and festivals.<\/p><p>The trio has released two CDs on the Genuin Classics label to critical acclaim and is\u00a0featured on the soundtrack of the documentary film &#8220;Maestro&#8221;, which explores the lives of young musicians through the eyes of Paavo J\u00e4rvi. It had the honour, as Monte+, to premiere George Enescu&#8217;s rediscovered First Piano Quintet at the Enescu Museum Bucharest in 2015. The Monte Piano Trio arranged its own version of Asto Piazzolla&#8217;s Four Seasons for piano trio, which it also recorded.<\/p><\/div>\n\t\t\t\t\t\t\t\t\t<div class=\"elementor-tab-title elementor-tab-mobile-title\" aria-selected=\"false\" data-tab=\"2\" role=\"tab\" tabindex=\"-1\" aria-controls=\"elementor-tab-content-2112\" aria-expanded=\"false\">DEU<\/div>\n\t\t\t\t\t<div id=\"elementor-tab-content-2112\" class=\"elementor-tab-content elementor-clearfix\" data-tab=\"2\" role=\"tabpanel\" aria-labelledby=\"elementor-tab-title-2112\" tabindex=\"0\" hidden=\"hidden\"><p>2009 gr\u00fcndete Claude Frochaux das Monte Piano Trio gemeinsam mit Pianistin Anca Lupu und Geigerin Ana Feitosa. Sp\u00e4ter wurden Francesco Sica und Irina Botan Mitglieder des Trios.\u00a0<span style=\"color: var(--paragraph-color-dark); font-size: calc(var(--paragraph-min-font-size) * 1px + (var(--paragraph-max-font-size) - var(--paragraph-min-font-size)) * ((100vw - 320px) \/ 1600)); letter-spacing: 0px; background-color: var(--color-light-1);\">Innerhalb kurzer Zeit konnte das Trio bereits mehrere Wettbewerbserfolge feiern und eine internationale Konzertagenda in gro\u00dfen Konzerts\u00e4len und Festivals genie\u00dfen.<\/span><\/p><p>\u00a0<\/p><p>Das Trio ver\u00f6ffentlichte zwei CDs beim Label Genuin Classics, die von der Presse hoch gelobt wurden und ist dar\u00fcber hinaus im Soundtrack des Dokumentarfilms &#8220;Maestro&#8221; vertreten, der das Leben junger Musiker:innen durch die Augen von Paavo J\u00e4rvi erkundet.\u00a0<span style=\"color: var(--paragraph-color-dark); font-size: calc(var(--paragraph-min-font-size) * 1px + (var(--paragraph-max-font-size) - var(--paragraph-min-font-size)) * ((100vw - 320px) \/ 1600)); letter-spacing: 0px; background-color: var(--color-light-1);\">Es hatte die Ehre, als Monte+, das wiederentdeckte erste Klavierquintett von George Enescu 2015 im Enescu Museum Bukarest uraufzuf\u00fchren.\u00a0<\/span><span style=\"color: var(--paragraph-color-dark); font-size: calc(var(--paragraph-min-font-size) * 1px + (var(--paragraph-max-font-size) - var(--paragraph-min-font-size)) * ((100vw - 320px) \/ 1600)); letter-spacing: 0px; background-color: var(--color-light-1);\">Das Monte Piano Trio arrangierte eine eigene Fassung der Vier Jahreszeiten von Asto Piazzolla f\u00fcr Klaviertrio, die es ebenfalls aufgenommen hat.<\/span><\/p><\/div>\n\t\t\t\t\t\t\t<\/div>\n\t\t<\/div>\n\t\t\t\t<\/div>\n\t\t\t\t<\/div>\n\t\t\t\t<div class=\"elementor-element elementor-element-b380cd5 elementor-align-right elementor-widget elementor-widget-button\" data-id=\"b380cd5\" data-element_type=\"widget\" data-widget_type=\"button.default\">\n\t\t\t\t<div class=\"elementor-widget-container\">\n\t\t\t\t\t<div class=\"elementor-button-wrapper\">\n\t\t\t<a href=\"http:\/\/montepianotrio.com\" target=\"_blank\" class=\"elementor-button-link elementor-button elementor-size-sm\" role=\"button\">\n\t\t\t\t\t\t<span class=\"elementor-button-content-wrapper\">\n\t\t\t\t\t\t<span class=\"elementor-button-text\">trio website<\/span>\n\t\t<\/span>\n\t\t\t\t\t<\/a>\n\t\t<\/div>\n\t\t\t\t<\/div>\n\t\t\t\t<\/div>\n\t\t\t\t\t<\/div>\n\t\t<\/div>\n\t\t\t\t\t\t\t<\/div>\n\t\t<\/section>\n\t\t\t\t<div class=\"elementor-element elementor-element-4255173 elementor-widget__width-initial elementor-absolute elementor-widget-tablet__width-initial elementor-widget-mobile__width-initial elementor-widget elementor-widget-rhye-widget-parallax-background\" data-id=\"4255173\" data-element_type=\"widget\" data-settings=\"{&quot;_position&quot;:&quot;absolute&quot;}\" data-widget_type=\"rhye-widget-parallax-background.default\">\n\t\t\t\t<div class=\"elementor-widget-container\">\n\t\t\t\n\t\t\t\t\t\t\t\t\t\t\t\t\t\t<div class=\"section section-image section text-center\" data-arts-parallax=true data-arts-parallax-factor=-0.1 data-arts-os-animation=true>\n\t\t\t\t\t\t\t\t\t\t\t\t\t\t<div class=\"section-image__wrapper overflow mask-reveal lazy\"  style=\"padding-bottom: calc( (2361 \/ 2560) * 100% ); height: 0;\">\n\t\t\t\t\t\t\t\t\t\t\t\t\t<div class=\"mask-reveal__layer mask-reveal__layer-1\">\n\t\t\t\t\t\t<div class=\"mask-reveal__layer mask-reveal__layer-2\">\n\t\t\t\t\t\t\t\t\t\t\t\t\t\t\t\t\t\t<img loading=\"lazy\" decoding=\"async\" class=\"\" src=\"data:image\/png;base64,iVBORw0KGgoAAAANSUhEUgAAAAEAAAABCAQAAAHCGzyUAAAABGdBTUEAALGPC\/xhBQAAADhlWElmTU0AKgAAAAgAAYdpAAQAAAABAAAAGgAAAAAAAqACAAQAAAABAAAAAaADAAQAAAABAAAAAQAAAADa6r\/EAAAAC0lEQVQI12NolQQAASYAn89qhTcAAAAASUVORK5CYII=\" data-src=\"https:\/\/claudefrochaux.com\/wp-content\/uploads\/2023\/02\/Trio3-by-Malte-Ruths-scaled.jpg\" width=\"2560\" height=\"2361\"   data-sizes=\"(max-width: 2560px) 100vw, 2560px\"  alt=\"\"\/>\n\t\t\t\t\t\t\t\t\t\t\t\t\t\t\t\t\t\t\t\t\t\t\t\t\t\t\t<\/div>\n\t\t\t\t\t<\/div>\n\t\t\t\t\t\t\t\t<\/div>\n\t\t\t\t\t\t\t\t\t\t\t\t\t\t<\/div>\n\t\t\t\t\t\t\t\t\t\n\t\t\t\t<\/div>\n\t\t\t\t<\/div>\n\t\t\t\t\t<\/div>\n\t\t<\/div>\n\t\t\t\t\t\t\t<\/div>\n\t\t<\/section>\n\t\t\t\t<section class=\"elementor-section elementor-top-section elementor-element elementor-element-7f85b72 pb-medium elementor-section-boxed elementor-section-height-default elementor-section-height-default\" data-id=\"7f85b72\" data-element_type=\"section\">\n\t\t\t\t\t\t<div class=\"elementor-container elementor-column-gap-default\">\n\t\t\t\t\t<div class=\"elementor-column elementor-col-100 elementor-top-column elementor-element elementor-element-1becfef\" data-id=\"1becfef\" data-element_type=\"column\">\n\t\t\t<div class=\"elementor-widget-wrap elementor-element-populated\">\n\t\t\t\t\t\t\t\t<section class=\"elementor-section elementor-inner-section elementor-element elementor-element-feb2850 elementor-section-full_width pb-xsmall container-fluid pt-xsmall elementor-section-height-default elementor-section-height-default\" data-id=\"feb2850\" data-element_type=\"section\" data-settings=\"{&quot;background_background&quot;:&quot;classic&quot;}\">\n\t\t\t\t\t\t<div class=\"elementor-container elementor-column-gap-no\">\n\t\t\t\t\t<div class=\"elementor-column elementor-col-100 elementor-inner-column elementor-element elementor-element-4ca0b15\" data-id=\"4ca0b15\" data-element_type=\"column\">\n\t\t\t<div class=\"elementor-widget-wrap elementor-element-populated\">\n\t\t\t\t\t\t\t\t<div class=\"elementor-element elementor-element-4f0e05f text-center elementor-widget elementor-widget-rhye-widget-content-block\" data-id=\"4f0e05f\" data-element_type=\"widget\" data-widget_type=\"rhye-widget-content-block.default\">\n\t\t\t\t<div class=\"elementor-widget-container\">\n\t\t\t\n\t\t<div class=\"section section-content clearfix  \" data-arts-os-animation=\"true\">\n\t\t\t\t\t\t<div class=\"section-content__inner\">\n\t\t\t\t\t\t\t\t\t<div class=\"section-content__wrapper-heading\">\n\t\t\t\t\t\t\t\t\t\t\t\t\t\t\t\t\t\t\t<div class=\"section-content__heading split-text js-split-text\" data-split-text-type=\"lines,words\" data-split-text-set=\"words\"><h2>audio<\/h2><\/div>\n\t\t\t\t\t\t\t\t\t\t\t<\/div>\n\t\t\t\t\t\t\t\t\t\t\t\t\t<div class=\"section-content__wrapper-content\">\n\t\t\t\t\t\t\t\t\t\t\t\t\t<div class=\"w-100\"><\/div>\n\t\t\t\t\t\t\t\t\t\t\t\t\t\t<div class=\"section__headline mt-1 mt-md-2\"><\/div>\n\t\t\t\t\t\t\t\t\t\t\t\t\t\t\t\t\t<\/div>\n\t\t\t\t\t\t\t\t\t\t\t<\/div>\n\t\t\t\t\t\t\t\t\t\t\t\t\t\t<\/div>\n\n\t\t\t\t<\/div>\n\t\t\t\t<\/div>\n\t\t\t\t\t<\/div>\n\t\t<\/div>\n\t\t\t\t\t\t\t<\/div>\n\t\t<\/section>\n\t\t\t\t<section class=\"elementor-section elementor-inner-section elementor-element elementor-element-0293be0 elementor-section-full_width elementor-section-height-default elementor-section-height-default\" data-id=\"0293be0\" data-element_type=\"section\">\n\t\t\t\t\t\t<div class=\"elementor-container elementor-column-gap-wide\">\n\t\t\t\t\t<div class=\"elementor-column elementor-col-50 elementor-inner-column elementor-element elementor-element-1d4e04a\" data-id=\"1d4e04a\" data-element_type=\"column\">\n\t\t\t<div class=\"elementor-widget-wrap elementor-element-populated\">\n\t\t\t\t\t\t\t\t<div class=\"elementor-element elementor-element-c63975b elementor-widget elementor-widget-wp-widget-media_audio\" data-id=\"c63975b\" data-element_type=\"widget\" data-widget_type=\"wp-widget-media_audio.default\">\n\t\t\t\t<div class=\"elementor-widget-container\">\n\t\t\t<h5>Piazzolla, Oto\u00f1o Porte\u00f1o | Arr. Monte Piano Trio<\/h5><audio class=\"wp-audio-shortcode\" id=\"audio-2709-1\" preload=\"none\" style=\"width: 100%;\" controls=\"controls\"><source type=\"audio\/wav\" src=\"https:\/\/claudefrochaux.com\/wp-content\/uploads\/2022\/09\/Piazzolla-Otono-Porteno-Arr.Trio-Monte-Live.wav?_=1\" \/><source type=\"audio\/wav\" src=\"https:\/\/claudefrochaux.com\/wp-content\/uploads\/2022\/09\/Piazzolla-Otono-Porteno-Arr.Trio-Monte-Live.wav?_=1\" \/><a href=\"https:\/\/claudefrochaux.com\/wp-content\/uploads\/2022\/09\/Piazzolla-Otono-Porteno-Arr.Trio-Monte-Live.wav\">https:\/\/claudefrochaux.com\/wp-content\/uploads\/2022\/09\/Piazzolla-Otono-Porteno-Arr.Trio-Monte-Live.wav<\/a><\/audio>\t\t<\/div>\n\t\t\t\t<\/div>\n\t\t\t\t<div class=\"elementor-element elementor-element-fc2f9e7 elementor-widget elementor-widget-wp-widget-media_audio\" data-id=\"fc2f9e7\" data-element_type=\"widget\" data-widget_type=\"wp-widget-media_audio.default\">\n\t\t\t\t<div class=\"elementor-widget-container\">\n\t\t\t<h5>Lili Boulanger, D&#8217;un matin de printemps<\/h5><audio class=\"wp-audio-shortcode\" id=\"audio-2709-2\" preload=\"none\" style=\"width: 100%;\" controls=\"controls\"><source type=\"audio\/mpeg\" src=\"https:\/\/claudefrochaux.com\/wp-content\/uploads\/2023\/02\/03-14-Monte-Lili-2-X3.mp3?_=2\" \/><source type=\"audio\/mpeg\" src=\"https:\/\/claudefrochaux.com\/wp-content\/uploads\/2023\/02\/03-14-Monte-Lili-2-X3.mp3?_=2\" \/><a href=\"https:\/\/claudefrochaux.com\/wp-content\/uploads\/2023\/02\/03-14-Monte-Lili-2-X3.mp3\">https:\/\/claudefrochaux.com\/wp-content\/uploads\/2023\/02\/03-14-Monte-Lili-2-X3.mp3<\/a><\/audio>\t\t<\/div>\n\t\t\t\t<\/div>\n\t\t\t\t\t<\/div>\n\t\t<\/div>\n\t\t\t\t<div class=\"elementor-column elementor-col-50 elementor-inner-column elementor-element elementor-element-76a18d5\" data-id=\"76a18d5\" data-element_type=\"column\">\n\t\t\t<div class=\"elementor-widget-wrap elementor-element-populated\">\n\t\t\t\t\t\t\t\t<div class=\"elementor-element elementor-element-9750ae4 elementor-widget elementor-widget-wp-widget-media_audio\" data-id=\"9750ae4\" data-element_type=\"widget\" data-widget_type=\"wp-widget-media_audio.default\">\n\t\t\t\t<div class=\"elementor-widget-container\">\n\t\t\t<h5>Turina, Trio op. 35 Pr\u00e9lude<\/h5><audio class=\"wp-audio-shortcode\" id=\"audio-2709-3\" preload=\"none\" style=\"width: 100%;\" controls=\"controls\"><source type=\"audio\/mpeg\" src=\"https:\/\/claudefrochaux.com\/wp-content\/uploads\/2023\/02\/04-1er-Trio-pour-Piano-Violon-et-Violoncelle-Op35-I-Prelude-et-Fugue-Lento-Andante-Allegretto-Allegro-moderato-Andant.mp3?_=3\" \/><source type=\"audio\/mpeg\" src=\"https:\/\/claudefrochaux.com\/wp-content\/uploads\/2023\/02\/04-1er-Trio-pour-Piano-Violon-et-Violoncelle-Op35-I-Prelude-et-Fugue-Lento-Andante-Allegretto-Allegro-moderato-Andant.mp3?_=3\" \/><a href=\"https:\/\/claudefrochaux.com\/wp-content\/uploads\/2023\/02\/04-1er-Trio-pour-Piano-Violon-et-Violoncelle-Op35-I-Prelude-et-Fugue-Lento-Andante-Allegretto-Allegro-moderato-Andant.mp3\">https:\/\/claudefrochaux.com\/wp-content\/uploads\/2023\/02\/04-1er-Trio-pour-Piano-Violon-et-Violoncelle-Op35-I-Prelude-et-Fugue-Lento-Andante-Allegretto-Allegro-moderato-Andant.mp3<\/a><\/audio>\t\t<\/div>\n\t\t\t\t<\/div>\n\t\t\t\t<div class=\"elementor-element elementor-element-8009bda elementor-widget elementor-widget-wp-widget-media_audio\" data-id=\"8009bda\" data-element_type=\"widget\" data-widget_type=\"wp-widget-media_audio.default\">\n\t\t\t\t<div class=\"elementor-widget-container\">\n\t\t\t<h5>Lili Boulanger, D&#8217;un matin de printemps<\/h5><audio class=\"wp-audio-shortcode\" id=\"audio-2709-4\" preload=\"none\" style=\"width: 100%;\" controls=\"controls\"><source type=\"audio\/mpeg\" src=\"https:\/\/claudefrochaux.com\/wp-content\/uploads\/2023\/02\/03-14-Monte-Lili-2-X3.mp3?_=4\" \/><source type=\"audio\/mpeg\" src=\"https:\/\/claudefrochaux.com\/wp-content\/uploads\/2023\/02\/03-14-Monte-Lili-2-X3.mp3?_=4\" \/><a href=\"https:\/\/claudefrochaux.com\/wp-content\/uploads\/2023\/02\/03-14-Monte-Lili-2-X3.mp3\">https:\/\/claudefrochaux.com\/wp-content\/uploads\/2023\/02\/03-14-Monte-Lili-2-X3.mp3<\/a><\/audio>\t\t<\/div>\n\t\t\t\t<\/div>\n\t\t\t\t\t<\/div>\n\t\t<\/div>\n\t\t\t\t\t\t\t<\/div>\n\t\t<\/section>\n\t\t\t\t\t<\/div>\n\t\t<\/div>\n\t\t\t\t\t\t\t<\/div>\n\t\t<\/section>\n\t\t\t\t\t\t\t<\/div>\n\t\t","protected":false},"excerpt":{"rendered":"<p>monte piano trio ENG DEU ENG In 2009 Claude Frochaux founded the Monte Piano Trio together with pianist Anca Lupu and violinist Ana Feitosa. Later, Francesco Sica and Irina Botan became members of the trio. Within a short time, the trio could celebrate already several competition successes and enjoy an international concert agenda in major [&hellip;]<\/p>\n","protected":false},"author":1,"featured_media":0,"parent":0,"menu_order":6,"comment_status":"closed","ping_status":"closed","template":"elementor_header_footer","meta":{"footnotes":""},"class_list":["post-2709","page","type-page","status-publish","hentry"],"rttpg_featured_image_url":null,"rttpg_author":{"display_name":"admin_","author_link":"https:\/\/claudefrochaux.com\/?author=1"},"rttpg_comment":0,"rttpg_category":null,"rttpg_excerpt":"monte piano trio ENG DEU ENG In 2009 Claude Frochaux founded the Monte Piano Trio together with pianist Anca Lupu and violinist Ana Feitosa. Later, Francesco Sica and Irina Botan became members of the trio. Within a short time, the trio could celebrate already several competition successes and enjoy an international concert agenda in major&hellip;","_links":{"self":[{"href":"https:\/\/claudefrochaux.com\/index.php?rest_route=\/wp\/v2\/pages\/2709","targetHints":{"allow":["GET"]}}],"collection":[{"href":"https:\/\/claudefrochaux.com\/index.php?rest_route=\/wp\/v2\/pages"}],"about":[{"href":"https:\/\/claudefrochaux.com\/index.php?rest_route=\/wp\/v2\/types\/page"}],"author":[{"embeddable":true,"href":"https:\/\/claudefrochaux.com\/index.php?rest_route=\/wp\/v2\/users\/1"}],"replies":[{"embeddable":true,"href":"https:\/\/claudefrochaux.com\/index.php?rest_route=%2Fwp%2Fv2%2Fcomments&post=2709"}],"version-history":[{"count":50,"href":"https:\/\/claudefrochaux.com\/index.php?rest_route=\/wp\/v2\/pages\/2709\/revisions"}],"predecessor-version":[{"id":3540,"href":"https:\/\/claudefrochaux.com\/index.php?rest_route=\/wp\/v2\/pages\/2709\/revisions\/3540"}],"wp:attachment":[{"href":"https:\/\/claudefrochaux.com\/index.php?rest_route=%2Fwp%2Fv2%2Fmedia&parent=2709"}],"curies":[{"name":"wp","href":"https:\/\/api.w.org\/{rel}","templated":true}]}}